{"id":28619,"date":"2008-06-27T18:02:12","date_gmt":"2008-06-27T16:02:12","guid":{"rendered":"http:\/\/sodergren.com\/kulturbloggen\/?page_id=2"},"modified":"2024-09-01T22:32:12","modified_gmt":"2024-09-01T20:32:12","slug":"om-oss","status":"publish","type":"page","link":"https:\/\/kulturbloggen.com\/?page_id=28619","title":{"rendered":"Om oss"},"content":{"rendered":"<blockquote><p>&#8211; Det finns en po\u00e4ng med att jag g\u00f6r musik och inte \u00e4r politiker. Om jag kan, vill jag f\u00f6r\u00e4ndra genom min musik. N\u00e4r man s\u00e4ger saker med ord blir det l\u00e4tt \u00f6vertydligt. Jag vill att folk ska t\u00e4nka sj\u00e4lva, rannsaka sitt inre och hitta nya rum.<\/p><\/blockquote>\n<p>Det sade Laleh i en intervju. Det \u00e4r en bra sammanfattning av oss p\u00e5 Kulturbloggen. Vi drivs av v\u00e5r k\u00e4rlek till kulturen i alla dess former.<\/p>\n<p><a href=\"http:\/\/kulturbloggen.com\/wp-content\/uploads\/2008\/06\/rosemari_sodergren.jpg\"><img loading=\"lazy\" decoding=\"async\" class=\"aligncenter size-full wp-image-31257\" title=\"rosemari_sodergren\" src=\"http:\/\/kulturbloggen.com\/wp-content\/uploads\/2008\/06\/rosemari_sodergren.jpg\" alt=\"\" width=\"180\" height=\"233\" \/><\/a><\/p>\n<p>Kulturbloggen handlar om musik, film, teater, kulturpolitik, mediefr\u00e5gor, teknik med anknytning till kultur, b\u00f6cker, n\u00f6je, tv &#8211; ja allt som utvecklar oss som m\u00e4nniskor och medm\u00e4nniskor. Vad vore livet utan kultur?<\/p>\n<p>V\u00e4rlden \u00e4r trots allt teknisk utveckling en v\u00e4rld fylld av klyftor och or\u00e4ttvisor p\u00e5 m\u00e5nga s\u00e4tt. Vi tror p\u00e5 att v\u00e4rlden och samh\u00e4llet har mycket kvar som m\u00e5ste f\u00f6r\u00e4ndras. Vi vill f\u00f6r\u00e4ndra v\u00e4rlden och m\u00e4nniskors livsvillkor &#8211; och vi tror p\u00e5 kulturens kraft.<\/p>\n<p>Kulturmagasinet Kulturbloggen \u00e4r en progressiv webbtidning om kultur och n\u00f6je.<\/p>\n<p>Ett bloggverktyg \u00e4r ett verktyg f\u00f6r den som vill s\u00e4ga n\u00e5got p\u00e5 Internet. Den kan fyllas med l\u00e4nkar eller dagboksanteckningar, med opinionsbildande artiklar, debatt, fakta eller skvaller. Det \u00e4r upp till var och en.<\/p>\n<p>Vi har att utveckla Kulturbloggen.com till b\u00e5de en journalistisk produkt med intervjuer och nyheter blandat med poster av mer traditionell bloggkarakt\u00e4r: korta snabba inl\u00e4gg.<\/p>\n<p>&#8212;&#8211;<br \/>\nVi har m\u00e5nga skribenter och fotografer som medverkar.<\/p>\n<p><strong>Du n\u00e5r oss via epost:<\/strong><br \/>\nredaktionen (snabela) kulturbloggen (punkt) com<\/p>\n","protected":false},"excerpt":{"rendered":"<p>&#8211; Det finns en po\u00e4ng med att jag g\u00f6r musik och inte \u00e4r politiker. Om jag kan, vill jag f\u00f6r\u00e4ndra genom min musik. N\u00e4r man s\u00e4ger saker med ord blir det l\u00e4tt \u00f6vertydligt. Jag vill att folk ska t\u00e4nka sj\u00e4lva, rannsaka sitt inre och hitta nya rum. Det sade Laleh i en intervju. Det \u00e4r [&hellip;]<\/p>\n","protected":false},"author":13,"featured_media":0,"parent":0,"menu_order":0,"comment_status":"open","ping_status":"open","template":"","meta":{"_genesis_hide_title":false,"_genesis_hide_breadcrumbs":false,"_genesis_hide_singular_image":false,"_genesis_hide_footer_widgets":false,"_genesis_custom_body_class":"","_genesis_custom_post_class":"","_genesis_layout":"","footnotes":""},"class_list":{"0":"post-28619","1":"page","2":"type-page","3":"status-publish","5":"entry"},"_links":{"self":[{"href":"https:\/\/kulturbloggen.com\/index.php?rest_route=\/wp\/v2\/pages\/28619","targetHints":{"allow":["GET"]}}],"collection":[{"href":"https:\/\/kulturbloggen.com\/index.php?rest_route=\/wp\/v2\/pages"}],"about":[{"href":"https:\/\/kulturbloggen.com\/index.php?rest_route=\/wp\/v2\/types\/page"}],"author":[{"embeddable":true,"href":"https:\/\/kulturbloggen.com\/index.php?rest_route=\/wp\/v2\/users\/13"}],"replies":[{"embeddable":true,"href":"https:\/\/kulturbloggen.com\/index.php?rest_route=%2Fwp%2Fv2%2Fcomments&post=28619"}],"version-history":[{"count":23,"href":"https:\/\/kulturbloggen.com\/index.php?rest_route=\/wp\/v2\/pages\/28619\/revisions"}],"predecessor-version":[{"id":184280,"href":"https:\/\/kulturbloggen.com\/index.php?rest_route=\/wp\/v2\/pages\/28619\/revisions\/184280"}],"wp:attachment":[{"href":"https:\/\/kulturbloggen.com\/index.php?rest_route=%2Fwp%2Fv2%2Fmedia&parent=28619"}],"curies":[{"name":"wp","href":"https:\/\/api.w.org\/{rel}","templated":true}]}}